{"id":630,"date":"2021-01-21T15:10:38","date_gmt":"2021-01-21T14:10:38","guid":{"rendered":"https:\/\/www.confagricoltura.org\/ferrara\/?page_id=630"},"modified":"2026-03-19T11:26:01","modified_gmt":"2026-03-19T10:26:01","slug":"contatti","status":"publish","type":"page","link":"https:\/\/www.confagricoltura.org\/ferrara\/contatti\/","title":{"rendered":"Contatti"},"content":{"rendered":"<div class=\"row\"  id=\"row-1402541182\">\n\n\t<div id=\"col-529198686\" class=\"col medium-3 small-12 large-3\"  >\n\t\t\t\t<div class=\"col-inner\"  >\n\t\t\t\n\t\t\t\n\t\t<\/div>\n\t\t\t\t\t<\/div>\n\n\t\n\n\t<div id=\"col-2103972235\" class=\"col medium-9 small-12 large-9\"  >\n\t\t\t\t<div class=\"col-inner\"  >\n\t\t\t\n\t\t\t\n<div class=\"is-divider divider clearfix\" style=\"margin-top:0px;margin-bottom:0px;max-width:100%;height:1px;\"><\/div>\n\t\t<\/div>\n\t\t\t\t\t<\/div>\n\n\t\n<\/div>\n<div class=\"row contacts\"  id=\"row-905560426\">\n\n\t<div id=\"col-1443215839\" class=\"col medium-3 small-12 large-3\"  >\n\t\t\t\t<div class=\"col-inner\"  >\n\t\t\t\n\t\t\t\n<ul class=\"sidebar-wrapper ul-reset\"><div class=\"textwidget custom-html-widget\"><div class=\"sidebar first-el sidebar-transp\">\r\n<hr>\r\n<p><a href=\"https:\/\/www.confagricoltura.org\/ferrara\/chi-siamo\/\" target=\"_self\">Confagricoltura Ferrara<\/a><\/p>\r\n<hr>\r\n<p><a href=\"https:\/\/www.confagricoltura.org\/ferrara\/dirigenti\/\" target=\"_self\">La Dirigenza<\/a><\/p>\r\n<hr>\r\n<p><a href=\"https:\/\/www.confagricoltura.org\/ferrara\/category\/news\/\" target=\"_self\">Notizie<\/a><\/p>\r\n<hr>\r\n<p><a href=\"https:\/\/www.confagricoltura.org\/ferrara\/organigramma\/\" target=\"_self\">Organigramma<\/a><\/p>\r\n<hr>\r\n<p><a href=\"https:\/\/www.confagricoltura.org\/ferrara\/contatti\/\" target=\"_self\">Contatti<\/a><\/p>\r\n<hr>\r\n<p><a href=\"https:\/\/www.confagricoltura.org\/ferrara\/whistleblowing\/\" target=\"_self\">Whistleblowing<\/a><\/p>\r\n<hr>\t\r\n<\/div><\/div><\/ul>\n\t\t<\/div>\n\t\t\t\t\t<\/div>\n\n\t\n\n\t<div id=\"col-1605581930\" class=\"col medium-7 small-12 large-7\"  >\n\t\t\t\t<div class=\"col-inner\"  >\n\t\t\t\n\t\t\t\n<ul class=\"sidebar-wrapper ul-reset\"><div class=\"breadcrumbs\" itemscope itemtype=\"https:\/\/schema.org\/BreadcrumbList\"><span property=\"itemListElement\" typeof=\"ListItem\"><a property=\"item\" typeof=\"WebPage\" title=\"Vai a Confagricoltura Ferrara.\" href=\"https:\/\/www.confagricoltura.org\/ferrara\" class=\"home\" aria-current=\"page\"><span property=\"name\">Confagricoltura Ferrara<\/span><\/a><meta property=\"position\" content=\"1\"><\/span><\/div><\/ul>\n<h1>Contattaci<\/h1>\n\t<div id=\"gap-113078595\" class=\"gap-element clearfix\" style=\"display:block; height:auto;\">\n\t\t\n<style>\n#gap-113078595 {\n  padding-top: 25px;\n}\n<\/style>\n\t<\/div>\n\t\n<h2>Hai domande o desideri contattarci in merito alle nostre attivit\u00e0, servizi ed eventi?<br \/>\nCerca l&#8217;ufficio o il referente di cui hai bisogno, troverai tutti i recapiti di riferimento.<\/h2>\n\t<div id=\"gap-1093301497\" class=\"gap-element clearfix\" style=\"display:block; height:auto;\">\n\t\t\n<style>\n#gap-1093301497 {\n  padding-top: 38px;\n}\n<\/style>\n\t<\/div>\n\t\n\t<div id=\"text-1346131\" class=\"text address-contact\">\n\t\t\n<h3>SEDE CENTRALE<\/h3>\n<h2>Confagricoltura Ferrara<\/h2>\n<p>Via Bologna n. 637\/b Chiesuol del Fosso (FE)<br \/>\nTel. 0532 979111<br \/>\nFax 0532 979237<br \/>\nE-mail: ferrara@confagricoltura.it<br \/>\nPec: confagricoltura.ferrara@legalmail.it<\/p>\n<p>La Sede centrale e gli Uffici di Delegazione osservano il seguente orario di apertura al pubblico:<\/p>\n<p><strong>Da met\u00e0 Settembre al 30 giugno<\/strong><br \/>\nLuned\u00ec: 8:00-13:00 | 14:00-17:00<br \/>\nMarted\u00ec: 8:00-13:00<br \/>\nMercoled\u00ec: 8:00-13:00 | 14:00-17:00<br \/>\nGioved\u00ec: 8:00-13:00<br \/>\nVenerd\u00ec: 8:00-13:00 | 14:00-17:00<\/p>\n<p>(si precisa che nei pomeriggi di marted\u00ec e gioved\u00ec gli uffici sono chiusi al pubblico, ma il personale \u00e8 regolarmente in servizio dalle 14 alle 17)<\/p>\n<p><strong>Dal 1\u00b0 Luglio a met\u00e0 Settembre<br \/>\n<\/strong>Da luned\u00ec a venerd\u00ec: 8:00-14:00<strong><br \/>\n<\/strong><\/p>\n<p>&nbsp;<\/p>\n\t\t\t<\/div>\n\t\n\t<div id=\"gap-1765345867\" class=\"gap-element clearfix\" style=\"display:block; height:auto;\">\n\t\t\n<style>\n#gap-1765345867 {\n  padding-top: 20px;\n}\n<\/style>\n\t<\/div>\n\t\n\t<div id=\"gap-1389576150\" class=\"gap-element clearfix\" style=\"display:block; height:auto;\">\n\t\t\n<style>\n#gap-1389576150 {\n  padding-top: 20px;\n}\n<\/style>\n\t<\/div>\n\t\n<div class=\"accordion accordion-contacts\">\n\t<div id=\"accordion-3480683338\" class=\"accordion-item\">\n\t\t<a id=\"accordion-3480683338-label\" class=\"accordion-title plain\" href=\"#accordion-item-centralino\" aria-expanded=\"false\" aria-controls=\"accordion-3480683338-content\" >\n\t\t\t<button class=\"toggle\" aria-label=\"Attiva\/Disattiva\"><i class=\"icon-angle-down\"><\/i><\/button>\n\t\t\t<span>Centralino<\/span>\n\t\t<\/a>\n\t\t<div id=\"accordion-3480683338-content\" class=\"accordion-inner\" aria-labelledby=\"accordion-3480683338-label\" >\n\t\t\t\n<p><strong>Marco Roma<\/strong><br \/>\nTel. 0532 979111<\/p>\n\t\t<\/div>\n\t<\/div>\n\t\n\t<div id=\"accordion-2574973575\" class=\"accordion-item\">\n\t\t<a id=\"accordion-2574973575-label\" class=\"accordion-title plain\" href=\"#accordion-item-ufficio-amministrazione\" aria-expanded=\"false\" aria-controls=\"accordion-2574973575-content\" >\n\t\t\t<button class=\"toggle\" aria-label=\"Attiva\/Disattiva\"><i class=\"icon-angle-down\"><\/i><\/button>\n\t\t\t<span>Ufficio amministrazione<\/span>\n\t\t<\/a>\n\t\t<div id=\"accordion-2574973575-content\" class=\"accordion-inner\" aria-labelledby=\"accordion-2574973575-label\" >\n\t\t\t\n<p><strong>Sara Ossi<br \/>\n<\/strong>Tel. 0532 979212<\/p>\n<p><strong>Antonella Passerini<br \/>\n<\/strong>Tel. 0532 979213<\/p>\n<p><strong>Sara Romagnoli<br \/>\n<\/strong>Tel. 0532 979247<\/p>\n\t\t<\/div>\n\t<\/div>\n\t\n\t<div id=\"accordion-3403437934\" class=\"accordion-item\">\n\t\t<a id=\"accordion-3403437934-label\" class=\"accordion-title plain\" href=\"#accordion-item-ufficio-ced\" aria-expanded=\"false\" aria-controls=\"accordion-3403437934-content\" >\n\t\t\t<button class=\"toggle\" aria-label=\"Attiva\/Disattiva\"><i class=\"icon-angle-down\"><\/i><\/button>\n\t\t\t<span>Ufficio CED<\/span>\n\t\t<\/a>\n\t\t<div id=\"accordion-3403437934-content\" class=\"accordion-inner\" aria-labelledby=\"accordion-3403437934-label\" >\n\t\t\t\n<p>Fax. 0532979240<\/p>\n<p><strong>Eleonora Bagnolati<\/strong><br \/>\nTel. 0532 979227<\/p>\n<p><strong>Francesco Bellotto<\/strong><br \/>\nTel. 0532 979223<\/p>\n<p><strong>Silvia Toschi<\/strong><br \/>\nTel. 0532 979227<\/p>\n<p><strong>Silvia Villani<\/strong><br \/>\nTel. 0532 979227<\/p>\n\t\t<\/div>\n\t<\/div>\n\t\n\t<div id=\"accordion-3017465475\" class=\"accordion-item\">\n\t\t<a id=\"accordion-3017465475-label\" class=\"accordion-title plain\" href=\"#accordion-item-ufficio-contabilit\u00e0-societ\u00e0\" aria-expanded=\"false\" aria-controls=\"accordion-3017465475-content\" >\n\t\t\t<button class=\"toggle\" aria-label=\"Attiva\/Disattiva\"><i class=\"icon-angle-down\"><\/i><\/button>\n\t\t\t<span>Ufficio contabilit\u00e0 societ\u00e0<\/span>\n\t\t<\/a>\n\t\t<div id=\"accordion-3017465475-content\" class=\"accordion-inner\" aria-labelledby=\"accordion-3017465475-label\" >\n\t\t\t\n<p><strong>Alessandro Bonazza<\/strong><br \/>\nTel. 0532 979209<\/p>\n<p><strong>Federica Brunetti<\/strong><br \/>\nTel. 0532 979253<\/p>\n<p><strong>Valeria Uras<\/strong><br \/>\nTel. 0532 979254<\/p>\n\t\t<\/div>\n\t<\/div>\n\t\n\t<div id=\"accordion-162744745\" class=\"accordion-item\">\n\t\t<a id=\"accordion-162744745-label\" class=\"accordion-title plain\" href=\"#accordion-item-ufficio-convenzioni\" aria-expanded=\"false\" aria-controls=\"accordion-162744745-content\" >\n\t\t\t<button class=\"toggle\" aria-label=\"Attiva\/Disattiva\"><i class=\"icon-angle-down\"><\/i><\/button>\n\t\t\t<span>Ufficio Convenzioni<\/span>\n\t\t<\/a>\n\t\t<div id=\"accordion-162744745-content\" class=\"accordion-inner\" aria-labelledby=\"accordion-162744745-label\" >\n\t\t\t\n<p><strong>Lisa Altafin<\/strong><br \/>\nTel. 0532 979208<\/p>\n<p><strong>Carlo Ruggeri<br \/>\n<\/strong>Tel. 0532 979204<\/p>\n<p><strong>Nicola Tumaini<br \/>\n<\/strong>Tel. 0532 979208<\/p>\n\t\t<\/div>\n\t<\/div>\n\t\n\t<div id=\"accordion-2086530574\" class=\"accordion-item\">\n\t\t<a id=\"accordion-2086530574-label\" class=\"accordion-title plain\" href=\"#accordion-item-ufficio-paghe\" aria-expanded=\"false\" aria-controls=\"accordion-2086530574-content\" >\n\t\t\t<button class=\"toggle\" aria-label=\"Attiva\/Disattiva\"><i class=\"icon-angle-down\"><\/i><\/button>\n\t\t\t<span>Ufficio paghe<\/span>\n\t\t<\/a>\n\t\t<div id=\"accordion-2086530574-content\" class=\"accordion-inner\" aria-labelledby=\"accordion-2086530574-label\" >\n\t\t\t\n<p><strong>Laura Guiati<br \/>\n<\/strong>Tel. 0532 979207<\/p>\n<p><em>Front Office:<\/em><\/p>\n<p><strong>Elisa Gar\u00e0<br \/>\n<\/strong>Tel. 0532 979206<\/p>\n<p><strong>Giulia Ferraresi<br \/>\n<\/strong>Tel. 0532 979231<\/p>\n<p><strong>Daria Verzella<br \/>\n<\/strong>Tel. 0532 979206<\/p>\n<p><em>Back Office:<\/em><\/p>\n<p><strong>Mandy Barban<\/strong><strong><br \/>\n<\/strong>Tel. 0532 979228<\/p>\n<p><strong>Barbara Brunelli<br \/>\n<\/strong>Tel. 0532 979233<\/p>\n<p><strong>Arianna Cavalieri d&#8217;Oro<br \/>\n<\/strong>Tel. 0532 979233<\/p>\n<p><strong>Cristiana Soriani<br \/>\n<\/strong>Tel. 0532 979228<\/p>\n<p><strong>Sarah Vezzani<br \/>\n<\/strong>Tel. 0532 979231<\/p>\n\t\t<\/div>\n\t<\/div>\n\t\n\t<div id=\"accordion-685249165\" class=\"accordion-item\">\n\t\t<a id=\"accordion-685249165-label\" class=\"accordion-title plain\" href=\"#accordion-item-ufficio-iva\" aria-expanded=\"false\" aria-controls=\"accordion-685249165-content\" >\n\t\t\t<button class=\"toggle\" aria-label=\"Attiva\/Disattiva\"><i class=\"icon-angle-down\"><\/i><\/button>\n\t\t\t<span>Ufficio IVA<\/span>\n\t\t<\/a>\n\t\t<div id=\"accordion-685249165-content\" class=\"accordion-inner\" aria-labelledby=\"accordion-685249165-label\" >\n\t\t\t\n<p><strong>Federica Tredici &#8211; Silvia Villani<br \/>\n<\/strong>Tel. 0532 979211<\/p>\n<p><em>Front Office:<\/em><\/p>\n<p><strong>Anna Carboni<br \/>\n<\/strong>Tel. 0532 979230<\/p>\n<p><strong>Elisa Miozzi<br \/>\n<\/strong>Tel. 0532 979 229<\/p>\n<p><em>Back Office:<\/em><\/p>\n<p><strong>Katia Bergamini<br \/>\n<\/strong>Tel. 0532 979221<\/p>\n<p><strong>Marzia Campi<br \/>\n<\/strong>Tel. 0532 979221<\/p>\n<p><strong>Federica Tredici<br \/>\n<\/strong>Tel. 0532 979226<\/p>\n\t\t<\/div>\n\t<\/div>\n\t\n\t<div id=\"accordion-289961594\" class=\"accordion-item\">\n\t\t<a id=\"accordion-289961594-label\" class=\"accordion-title plain\" href=\"#accordion-item-ufficio-redditi\" aria-expanded=\"false\" aria-controls=\"accordion-289961594-content\" >\n\t\t\t<button class=\"toggle\" aria-label=\"Attiva\/Disattiva\"><i class=\"icon-angle-down\"><\/i><\/button>\n\t\t\t<span>Ufficio Redditi<\/span>\n\t\t<\/a>\n\t\t<div id=\"accordion-289961594-content\" class=\"accordion-inner\" aria-labelledby=\"accordion-289961594-label\" >\n\t\t\t\n<p><strong>Alessandra Baraldi<br \/>\n<\/strong>Tel. 0532 979225<\/p>\n<p><strong>Chiara Brognara<br \/>\n<\/strong>Tel. 0532 979224<\/p>\n<p><strong>Gloria Magagnoli<br \/>\n<\/strong>Tel. 0532 979244<\/p>\n\t\t<\/div>\n\t<\/div>\n\t\n\t<div id=\"accordion-628298611\" class=\"accordion-item\">\n\t\t<a id=\"accordion-628298611-label\" class=\"accordion-title plain\" href=\"#accordion-item-ufficio-segreteria-\/-organizzazione-interna-\/-stampa\" aria-expanded=\"false\" aria-controls=\"accordion-628298611-content\" >\n\t\t\t<button class=\"toggle\" aria-label=\"Attiva\/Disattiva\"><i class=\"icon-angle-down\"><\/i><\/button>\n\t\t\t<span>Ufficio Segreteria \/ Organizzazione Interna \/ Stampa<\/span>\n\t\t<\/a>\n\t\t<div id=\"accordion-628298611-content\" class=\"accordion-inner\" aria-labelledby=\"accordion-628298611-label\" >\n\t\t\t\n<p><strong>Augusto Pareschi <\/strong><em>(Ufficio Stampa)<\/em><strong><br \/>\n<\/strong>Tel. 0532 979263<\/p>\n<p><strong>Eleonora Fuschini<br \/>\n<\/strong>Tel. 0532 979218<\/p>\n<p><strong>Silvia Mazzoni <\/strong><em>(Segreteria Direzione e Presidenza)<\/em><strong><br \/>\n<\/strong>Tel. 0532 979205<\/p>\n\t\t<\/div>\n\t<\/div>\n\t\n\t<div id=\"accordion-2454369576\" class=\"accordion-item\">\n\t\t<a id=\"accordion-2454369576-label\" class=\"accordion-title plain\" href=\"#accordion-item-ufficio-strutture\" aria-expanded=\"false\" aria-controls=\"accordion-2454369576-content\" >\n\t\t\t<button class=\"toggle\" aria-label=\"Attiva\/Disattiva\"><i class=\"icon-angle-down\"><\/i><\/button>\n\t\t\t<span>Ufficio Strutture<\/span>\n\t\t<\/a>\n\t\t<div id=\"accordion-2454369576-content\" class=\"accordion-inner\" aria-labelledby=\"accordion-2454369576-label\" >\n\t\t\t\n<p><strong>Jessica Bartolini<br \/>\n<\/strong>Tel. 0532 979256<\/p>\n<p><strong>Stefano Bonioli<br \/>\n<\/strong>Tel. 0532 979222<\/p>\n<p><strong>Cristiano Castaldi<br \/>\n<\/strong>Tel. 0532 979266<\/p>\n<p><strong>Guido Garbellini<br \/>\n<\/strong>Tel. 0532 979222<\/p>\n<p><strong>Silvia H\u00f6lzl<br \/>\n<\/strong>Tel. 0532 979260<\/p>\n\t\t<\/div>\n\t<\/div>\n\t\n\t<div id=\"accordion-3486303645\" class=\"accordion-item\">\n\t\t<a id=\"accordion-3486303645-label\" class=\"accordion-title plain\" href=\"#accordion-item-ufficio-tecnico\" aria-expanded=\"false\" aria-controls=\"accordion-3486303645-content\" >\n\t\t\t<button class=\"toggle\" aria-label=\"Attiva\/Disattiva\"><i class=\"icon-angle-down\"><\/i><\/button>\n\t\t\t<span>Ufficio Tecnico<\/span>\n\t\t<\/a>\n\t\t<div id=\"accordion-3486303645-content\" class=\"accordion-inner\" aria-labelledby=\"accordion-3486303645-label\" >\n\t\t\t\n<p><strong>Elena Guglielmini<br \/>\n<\/strong>Tel. 0532 979246<\/p>\n<p><strong>Tiziana Roma<br \/>\n<\/strong>Tel. 0532 979242<\/p>\n<p><strong>Camilla Rossi<br \/>\n<\/strong>Tel. 0532 979241<\/p>\n<p><strong>Alessandro Viaro<br \/>\n<\/strong>Tel. 0532 979217<\/p>\n<p><strong>Marco Baldon<br \/>\n<\/strong>Tel. 0532 979216<\/p>\n\t\t<\/div>\n\t<\/div>\n\t\n\t<div id=\"accordion-2486242513\" class=\"accordion-item\">\n\t\t<a id=\"accordion-2486242513-label\" class=\"accordion-title plain\" href=\"#accordion-item-ufficio-uma\" aria-expanded=\"false\" aria-controls=\"accordion-2486242513-content\" >\n\t\t\t<button class=\"toggle\" aria-label=\"Attiva\/Disattiva\"><i class=\"icon-angle-down\"><\/i><\/button>\n\t\t\t<span>Ufficio UMA<\/span>\n\t\t<\/a>\n\t\t<div id=\"accordion-2486242513-content\" class=\"accordion-inner\" aria-labelledby=\"accordion-2486242513-label\" >\n\t\t\t\n<p><strong>Massimiliano Baglioni<br \/>\n<\/strong>Tel. 0532 979219<\/p>\n<p><strong>Mattia Avanzo<br \/>\n<\/strong>Tel. 0532 979215<\/p>\n\t\t<\/div>\n\t<\/div>\n\t\n\t<div id=\"accordion-3871696435\" class=\"accordion-item\">\n\t\t<a id=\"accordion-3871696435-label\" class=\"accordion-title plain\" href=\"#accordion-item-patronato-enapa\" aria-expanded=\"false\" aria-controls=\"accordion-3871696435-content\" >\n\t\t\t<button class=\"toggle\" aria-label=\"Attiva\/Disattiva\"><i class=\"icon-angle-down\"><\/i><\/button>\n\t\t\t<span>Patronato ENAPA<\/span>\n\t\t<\/a>\n\t\t<div id=\"accordion-3871696435-content\" class=\"accordion-inner\" aria-labelledby=\"accordion-3871696435-label\" >\n\t\t\t\n<p>Fax. 0532979250<\/p>\n<p><strong>Sonia Bonzagni<br \/>\n<\/strong>Tel. 0532 979252<\/p>\n<p><strong>Giulia Gruppioni<br \/>\n<\/strong>Tel. 0532 979245<\/p>\n<p><strong>Lisa Azzolini<br \/>\n<\/strong>Tel. 0532 979210<\/p>\n\t\t<\/div>\n\t<\/div>\n\t\n\t<div id=\"accordion-2257084850\" class=\"accordion-item\">\n\t\t<a id=\"accordion-2257084850-label\" class=\"accordion-title plain\" href=\"#accordion-item-quaderno-di-campagna\" aria-expanded=\"false\" aria-controls=\"accordion-2257084850-content\" >\n\t\t\t<button class=\"toggle\" aria-label=\"Attiva\/Disattiva\"><i class=\"icon-angle-down\"><\/i><\/button>\n\t\t\t<span>Quaderno di Campagna<\/span>\n\t\t<\/a>\n\t\t<div id=\"accordion-2257084850-content\" class=\"accordion-inner\" aria-labelledby=\"accordion-2257084850-label\" >\n\t\t\t\n<p><strong>Elisa Bottoni<br \/>\n<\/strong>Tel. 0532 979220<\/p>\n<p><strong>Elisa Bruni<br \/>\n<\/strong>Tel. 0532 979220<\/p>\n\t\t<\/div>\n\t<\/div>\n\t\n\t<div id=\"accordion-2491966248\" class=\"accordion-item\">\n\t\t<a id=\"accordion-2491966248-label\" class=\"accordion-title plain\" href=\"#accordion-item-ufficio-caf\" aria-expanded=\"false\" aria-controls=\"accordion-2491966248-content\" >\n\t\t\t<button class=\"toggle\" aria-label=\"Attiva\/Disattiva\"><i class=\"icon-angle-down\"><\/i><\/button>\n\t\t\t<span>Ufficio CAF<\/span>\n\t\t<\/a>\n\t\t<div id=\"accordion-2491966248-content\" class=\"accordion-inner\" aria-labelledby=\"accordion-2491966248-label\" >\n\t\t\t\n<p>Tel. 0532 979214<\/p>\n\t\t<\/div>\n\t<\/div>\n\t\n<\/div>\n\t<div id=\"gap-916510402\" class=\"gap-element clearfix\" style=\"display:block; height:auto;\">\n\t\t\n<style>\n#gap-916510402 {\n  padding-top: 40px;\n}\n<\/style>\n\t<\/div>\n\t\n<hr \/>\n\t<div id=\"gap-1167490287\" class=\"gap-element clearfix\" style=\"display:block; height:auto;\">\n\t\t\n<style>\n#gap-1167490287 {\n  padding-top: 20px;\n}\n<\/style>\n\t<\/div>\n\t\n<h3>DELEGAZIONI DI ZONA<\/h3>\n<div class=\"row\"  id=\"row-812190700\">\n\n\t<div id=\"col-56513770\" class=\"col medium-6 small-12 large-6\"  >\n\t\t\t\t<div class=\"col-inner\"  >\n\t\t\t\n\t\t\t\n<div class=\"zone_office\">\n<p><img decoding=\"async\" title=\"Confagricoltura Ferrara\" src=\"https:\/\/www.confagricoltura.org\/ferrara\/wp-content\/uploads\/sites\/19\/2021\/01\/pin.svg\" alt=\"Confagricoltura Ferrara\" width=\"18\" \/><\/p>\n<h2>Ferrara (presso la sede centrale)<\/h2>\n<h4>Alessandra Baraldi<\/h4>\n<p>Via Bologna, 637\/b &#8211; Chiesuol del Fosso<br \/>\nTel. 0532 979225<br \/>\nTel. 0532 979244<br \/>\nE-mail: delegazione.ferrara@upaferrara.it<\/p>\n<\/div>\n\t\t<\/div>\n\t\t\t\t\t<\/div>\n\n\t\n\n\t<div id=\"col-1873698490\" class=\"col medium-6 small-12 large-6\"  >\n\t\t\t\t<div class=\"col-inner\"  >\n\t\t\t\n\t\t\t\n<div class=\"zone_office\">\n<p><img decoding=\"async\" title=\"Confagricoltura Ferrara\" src=\"https:\/\/www.confagricoltura.org\/ferrara\/wp-content\/uploads\/sites\/19\/2021\/01\/pin.svg\" alt=\"Confagricoltura Ferrara\" width=\"18\" \/><\/p>\n<h2>Argenta<\/h2>\n<h4>Fabio Fortini<\/h4>\n<p>Via Don Minzoni, 5 &#8211; Argenta<br \/>\nTel. 0532 804067<br \/>\nE-mail: argenta@upaferrara.it<\/p>\n<\/div>\n\t\t<\/div>\n\t\t\t\t\t<\/div>\n\n\t\n<\/div>\n<div class=\"row\"  id=\"row-1700780958\">\n\n\t<div id=\"col-288753103\" class=\"col medium-6 small-12 large-6\"  >\n\t\t\t\t<div class=\"col-inner\"  >\n\t\t\t\n\t\t\t\n<div class=\"zone_office\">\n<p><img decoding=\"async\" title=\"Confagricoltura Ferrara\" src=\"https:\/\/www.confagricoltura.org\/ferrara\/wp-content\/uploads\/sites\/19\/2021\/01\/pin.svg\" alt=\"Confagricoltura Ferrara\" width=\"18\" \/><\/p>\n<h2>Berra-Copparo-Tresignana<\/h2>\n<h4>Federico Magri<\/h4>\n<p>Via Vezio Bertoni, 19 &#8211; Copparo<br \/>\nTel. 0532 383211<br \/>\nE-mail: berra@upaferrara.it<br \/>\nE-mail: copparo@upaferrara.it<br \/>\nE-mail: tresigallo@upaferrara.it<\/p>\n<\/div>\n\t\t<\/div>\n\t\t\t\t\t<\/div>\n\n\t\n\n\t<div id=\"col-265011752\" class=\"col medium-6 small-12 large-6\"  >\n\t\t\t\t<div class=\"col-inner\"  >\n\t\t\t\n\t\t\t\n<div class=\"zone_office\">\n<p><img decoding=\"async\" title=\"Confagricoltura Ferrara\" src=\"https:\/\/www.confagricoltura.org\/ferrara\/wp-content\/uploads\/sites\/19\/2021\/01\/pin.svg\" alt=\"Confagricoltura Ferrara\" width=\"18\" \/><\/p>\n<h2>Bondeno<\/h2>\n<h4>Mirco Pincelli<\/h4>\n<p>Via Leopardi, 1 &#8211; Bondeno<br \/>\nTel. 0532 893052<br \/>\nE-mail: bondeno@upaferrara.it<\/p>\n<\/div>\n\t\t<\/div>\n\t\t\t\t\t<\/div>\n\n\t\n<\/div>\n<div class=\"row\"  id=\"row-112912494\">\n\n\t<div id=\"col-1674521469\" class=\"col medium-6 small-12 large-6\"  >\n\t\t\t\t<div class=\"col-inner\"  >\n\t\t\t\n\t\t\t\n<div class=\"zone_office\">\n<p><img decoding=\"async\" title=\"Confagricoltura Ferrara\" src=\"https:\/\/www.confagricoltura.org\/ferrara\/wp-content\/uploads\/sites\/19\/2021\/01\/pin.svg\" alt=\"Confagricoltura Ferrara\" width=\"18\" \/><\/p>\n<h2>Cento-Terre del Reno<\/h2>\n<h4>Emanuele Vallieri<\/h4>\n<h4>Via Ferrarese, 28 &#8211; Cento<br \/>\nTel. 051 902120<br \/>\nE-mail: cento@upaferrara.it<br \/>\nsantagostino@upaferrara.it<\/h4>\n<\/div>\n\t\t<\/div>\n\t\t\t\t\t<\/div>\n\n\t\n\n\t<div id=\"col-2033146070\" class=\"col medium-6 small-12 large-6\"  >\n\t\t\t\t<div class=\"col-inner\"  >\n\t\t\t\n\t\t\t\n<div class=\"zone_office\">\n<p><img decoding=\"async\" title=\"Confagricoltura Ferrara\" src=\"https:\/\/www.confagricoltura.org\/ferrara\/wp-content\/uploads\/sites\/19\/2021\/01\/pin.svg\" alt=\"Confagricoltura Ferrara\" width=\"18\" \/><\/p>\n<h2>Codigoro<\/h2>\n<h4>Paolo Viaro<\/h4>\n<p>P.zza Matteotti, 51\/A &#8211; Codigoro<br \/>\nTel. 0533 713015<br \/>\nE-mail: codigoro@upaferrara.it<\/p>\n<\/div>\n\t\t<\/div>\n\t\t\t\t\t<\/div>\n\n\t\n<\/div>\n<div class=\"row\"  id=\"row-1673811654\">\n\n\t<div id=\"col-1503362502\" class=\"col medium-6 small-12 large-6\"  >\n\t\t\t\t<div class=\"col-inner\"  >\n\t\t\t\n\t\t\t\n<div class=\"zone_office\">\n<p><img decoding=\"async\" title=\"Confagricoltura Ferrara\" src=\"https:\/\/www.confagricoltura.org\/ferrara\/wp-content\/uploads\/sites\/19\/2021\/01\/pin.svg\" alt=\"Confagricoltura Ferrara\" width=\"18\" \/><\/p>\n<h2>Fiscaglia<\/h2>\n<h4>Marcello Benetti<\/h4>\n<p>Via Forti, 29\/f &#8211; Migliarino<br \/>\nTel. 0533 52017<br \/>\nE-mail: migliarino@upaferrara.it<\/p>\n<\/div>\n\t\t<\/div>\n\t\t\t\t\t<\/div>\n\n\t\n\n\t<div id=\"col-545870153\" class=\"col medium-6 small-12 large-6\"  >\n\t\t\t\t<div class=\"col-inner\"  >\n\t\t\t\n\t\t\t\n<div class=\"zone_office\">\n<p><img decoding=\"async\" title=\"Confagricoltura Ferrara\" src=\"https:\/\/www.confagricoltura.org\/ferrara\/wp-content\/uploads\/sites\/19\/2021\/01\/pin.svg\" alt=\"Confagricoltura Ferrara\" width=\"18\" \/><\/p>\n<h2>Poggio Renatico<\/h2>\n<h4>Marco Baldon<\/h4>\n<p>Via Fornasini, 12 &#8211; Poggio Renatico<br \/>\nTel. 0532 825378<br \/>\nE-mail: poggiorenatico@upaferrara.it<\/p>\n<\/div>\n\t\t<\/div>\n\t\t\t\t\t<\/div>\n\n\t\n<\/div>\n<div class=\"row\"  id=\"row-1776170562\">\n\n\t<div id=\"col-2134875196\" class=\"col medium-6 small-12 large-6\"  >\n\t\t\t\t<div class=\"col-inner\"  >\n\t\t\t\n\t\t\t\n<div class=\"zone_office\">\n<p><img decoding=\"async\" title=\"Confagricoltura Ferrara\" src=\"https:\/\/www.confagricoltura.org\/ferrara\/wp-content\/uploads\/sites\/19\/2021\/01\/pin.svg\" alt=\"Confagricoltura Ferrara\" width=\"18\" \/><\/p>\n<h2>Portomaggiore<\/h2>\n<h4>Fabio Fortini<\/h4>\n<p>Piazza Umberto I, 32 &#8211; Portomaggiore<br \/>\nTel. 0532 811036<br \/>\nE-mail: portomaggiore@upaferrara.it<\/p>\n<\/div>\n\t\t<\/div>\n\t\t\t\t\t<\/div>\n\n\t\n\n\t<div id=\"col-1543941465\" class=\"col medium-6 small-12 large-6\"  >\n\t\t\t\t<div class=\"col-inner\"  >\n\t\t\t\n\t\t\t\n<div class=\"zone_office\">\n<p>&nbsp;<\/p>\n<\/div>\n\t\t<\/div>\n\t\t\t\t\t<\/div>\n\n\t\n<\/div>\n\t<div id=\"gap-1850434601\" class=\"gap-element clearfix\" style=\"display:block; height:auto;\">\n\t\t\n<style>\n#gap-1850434601 {\n  padding-top: 122px;\n}\n<\/style>\n\t<\/div>\n\t\n\t\t<\/div>\n\t\t\t\t\t<\/div>\n\n\t\n\n\t<div id=\"col-789830495\" class=\"col medium-2 small-12 large-2\"  >\n\t\t\t\t<div class=\"col-inner\"  >\n\t\t\t\n\t\t\t\n<ul class=\"sidebar-wrapper ul-reset\"><div class=\"textwidget custom-html-widget\"><div class=\"sidebar sidebar-orange sidebar-nomenu dx-solo\"><h5>Seguici<\/h5>\r\n<hr>\r\n<div class=\"social-icons share-icons share-row relative icon-style-outline\" style=\"font-size:101%\"> <a href=\"https:\/\/www.facebook.com\/confagricolturafe\" data-label=\"Facebook\" onclick=\"window.open(this.href,this.title,'width=500,height=500,top=300px,left=300px');  return false;\" rel=\"noopener noreferrer nofollow\" target=\"_blank\" class=\"icon button circle is-outline tooltip facebook tooltipstered\"><i class=\"icon-facebook\"><\/i><\/a> <a href=\"https:\/\/twitter.com\/confagriFE\" onclick=\"window.open(this.href,this.title,'width=500,height=500,top=300px,left=300px');  return false;\" rel=\"noopener noreferrer nofollow\" target=\"_blank\" class=\"icon button circle is-outline tooltip twitter tooltipstered\"><i class=\"icon-twitter\"><\/i><\/a> <\/div>\r\n<\/div><\/div><\/ul>\n\t\t<\/div>\n\t\t\t\t\t<\/div>\n\n\t\n<\/div>\n<div class=\"row row-collapse row-full-width\"  id=\"row-364255732\">\n\n\t<div id=\"col-629921734\" class=\"col small-12 large-12\"  >\n\t\t\t\t<div class=\"col-inner\"  >\n\t\t\t\n\t\t\t\n\t\t\t\t<input type=\"hidden\" id=\"wp_mapbox_gl_js_wordpress_url\" value='https:\/\/www.confagricoltura.org\/ferrara' \/>\n\t\t\t\t<input type=\"hidden\" id=\"wp_mapbox_gl_js_plugin_url\" value='https:\/\/www.confagricoltura.org\/ferrara\/wp-content\/plugins' \/>\n\t\t\t\t<div\n\t\t\t\t\tid='wp_mapbox_gl_js_map-1748047960'\n\t\t\t\t\tstyle='height:400px;width:100%'\n\t\t\t\t\tdata-center='11.5970641446,44.815412671011'\n\t\t\t\t\tdata-zoom='14.867591190222'\n\t\t\t\t\tdata-scroll-zoom='false'\n\t\t\t\t\tdata-pitch='0'\n\t\t\t\t\tdata-bearing='0'\n\t\t\t\t\tdata-style='mapbox:\/\/styles\/mapbox\/outdoors-v10'\n\t\t\t\t\tdata-controls='{\"navigation\":false,\"geocoder\":false,\"fullscreen\":false,\"scale\":false,\"directions\":false,\"scrollZoom\":false,\"categoryFilter\":false,\"layerFilter\":false,\"preFillInput\":false,\"geolocaterControl\":false,\"locationSidebar\":false,\"markerNoDisappear\":false,\"clusterMarkers\":false}'\n\t\t\t\t\tdata-mapdata='[{&quot;id&quot;:&quot;0f2594948b1f46e1b092cf1aca358e62&quot;,&quot;type&quot;:&quot;Feature&quot;,&quot;properties&quot;:{&quot;name&quot;:&quot;&quot;,&quot;description&quot;:&quot;&lt;div&gt;&lt;div class=\\&quot;mapbox-header\\&quot;&gt;&lt;strong&gt;Confagricoltura Ferrara &lt;\\\/strong&gt;&lt;\\\/div&gt;&lt;div class=\\&quot;mapbox-description\\&quot;&gt;&lt;div class=\\&quot;desc-col-sx\\&quot;&gt;Via Bologna n. 637\\\/b Chiesuol del Fosso (FE)&lt;br&gt;&lt;a href=\\&quot;https:\\\/\\\/www.confagricoltura.org\\\/ferrara\\\/contattaci\\\/\\&quot; data-mce-href=\\&quot;https:\\\/\\\/www.confagricoltura.org\\\/ferrara\\\/contattaci\\\/\\&quot;&gt;Contattaci&lt;\\\/a&gt;&lt;\\\/div&gt;&lt;div class=\\&quot;desc-col-dx\\&quot;&gt;&lt;img class=\\&quot;alignright wp-image-1287\\&quot; src=\\&quot;https:\\\/\\\/www.confagricoltura.org\\\/ferrara\\\/wp-content\\\/uploads\\\/sites\\\/19\\\/2021\\\/03\\\/map-upa-fe.jpg\\&quot; alt=\\&quot;\\&quot; width=\\&quot;116\\&quot; height=\\&quot;87\\&quot; data-mce-src=\\&quot;https:\\\/\\\/www.confagricoltura.org\\\/ferrara\\\/wp-content\\\/uploads\\\/sites\\\/19\\\/2021\\\/03\\\/map-upa-fe.jpg\\&quot;&gt;&lt;\\\/div&gt;&lt;\\\/div&gt;&lt;\\\/div&gt;&quot;,&quot;color&quot;:&quot;#333&quot;,&quot;marker_icon_url&quot;:&quot;https:\\\/\\\/www.confagricoltura.org\\\/ferrara\\\/wp-content\\\/uploads\\\/sites\\\/19\\\/2021\\\/01\\\/pin_conf2.png-wp_mapbox_gl_js_sizing-200-200&quot;,&quot;marker_title&quot;:&quot;Marker&quot;,&quot;category&quot;:&quot;&quot;,&quot;popup_open&quot;:false,&quot;opacity&quot;:0.4,&quot;marker_icon_anchor&quot;:&quot;bottom&quot;},&quot;geometry&quot;:{&quot;coordinates&quot;:[11.598467061498951,44.8143732395543],&quot;type&quot;:&quot;Point&quot;}}]'\n\t\t\t\t\tdata-token='pk.eyJ1IjoiY2lhbWJlcmxpbmkiLCJhIjoiY2toZ2F2eHFrMHhyNTJ0bDZ2dmxiMW5rZiJ9.5ecXMLhjg902eG_IXS540Q'\n\t\t\t\t\tdata-map-categories='[]'\n\t\t\t\t\tdata-map-origin='\"\"'\n\t\t\t\t\tdata-map-destination='\"\"'\n\t\t\t\t\tdata-map-layers-filter='[]'\n\t\t\t\t\tclass=\"wp-mapbox-gl-js-map\" ><\/div>\n\t\t\t\n\t\t<\/div>\n\t\t\t\t\t<\/div>\n\n\t\n<\/div>\n<div class=\"row row-collapse last-update-page\"  id=\"row-367818661\">\n\n\t<div id=\"col-1411712998\" class=\"col small-12 large-12\"  >\n\t\t\t\t<div class=\"col-inner\"  >\n\t\t\t\n\t\t\t\n<hr \/>\n<p style=\"text-align: center\"><span data-text-color=\"primary\">Ultima modifica: 19 Marzo 2026<\/span><\/p>\n\t\t<\/div>\n\t\t\t\t\t<\/div>\n\n\t\n<\/div>\n","protected":false},"excerpt":{"rendered":"","protected":false},"author":1,"featured_media":0,"parent":0,"menu_order":0,"comment_status":"closed","ping_status":"closed","template":"page-blank.php","meta":{"wp_mapbox_gl_js_media":[],"footnotes":""},"class_list":["post-630","page","type-page","status-publish","hentry"],"yoast_head":"<!-- This site is optimized with the Yoast SEO plugin v26.8 - https:\/\/yoast.com\/product\/yoast-seo-wordpress\/ -->\n<title>Contatti - Confagricoltura Ferrara<\/title>\n<meta name=\"robots\" content=\"index, follow, max-snippet:-1, max-image-preview:large, max-video-preview:-1\" \/>\n<link rel=\"canonical\" href=\"https:\/\/www.confagricoltura.org\/ferrara\/contatti\/\" \/>\n<meta property=\"og:locale\" content=\"it_IT\" \/>\n<meta property=\"og:type\" content=\"article\" \/>\n<meta property=\"og:title\" content=\"Contatti - Confagricoltura Ferrara\" \/>\n<meta property=\"og:url\" content=\"https:\/\/www.confagricoltura.org\/ferrara\/contatti\/\" \/>\n<meta property=\"og:site_name\" content=\"Confagricoltura Ferrara\" \/>\n<meta property=\"article:modified_time\" content=\"2026-03-19T10:26:01+00:00\" \/>\n<meta property=\"og:image\" content=\"https:\/\/www.confagricoltura.org\/ferrara\/wp-content\/uploads\/sites\/19\/2021\/01\/pin.svg\" \/>\n<meta name=\"twitter:card\" content=\"summary_large_image\" \/>\n<meta name=\"twitter:label1\" content=\"Tempo di lettura stimato\" \/>\n\t<meta name=\"twitter:data1\" content=\"6 minuti\" \/>\n<script type=\"application\/ld+json\" class=\"yoast-schema-graph\">{\"@context\":\"https:\/\/schema.org\",\"@graph\":[{\"@type\":\"WebPage\",\"@id\":\"https:\/\/www.confagricoltura.org\/ferrara\/contatti\/\",\"url\":\"https:\/\/www.confagricoltura.org\/ferrara\/contatti\/\",\"name\":\"Contatti - Confagricoltura Ferrara\",\"isPartOf\":{\"@id\":\"https:\/\/www.confagricoltura.org\/ferrara\/#website\"},\"primaryImageOfPage\":{\"@id\":\"https:\/\/www.confagricoltura.org\/ferrara\/contatti\/#primaryimage\"},\"image\":{\"@id\":\"https:\/\/www.confagricoltura.org\/ferrara\/contatti\/#primaryimage\"},\"thumbnailUrl\":\"https:\/\/www.confagricoltura.org\/ferrara\/wp-content\/uploads\/sites\/19\/2021\/01\/pin.svg\",\"datePublished\":\"2021-01-21T14:10:38+00:00\",\"dateModified\":\"2026-03-19T10:26:01+00:00\",\"breadcrumb\":{\"@id\":\"https:\/\/www.confagricoltura.org\/ferrara\/contatti\/#breadcrumb\"},\"inLanguage\":\"it-IT\",\"potentialAction\":[{\"@type\":\"ReadAction\",\"target\":[\"https:\/\/www.confagricoltura.org\/ferrara\/contatti\/\"]}]},{\"@type\":\"ImageObject\",\"inLanguage\":\"it-IT\",\"@id\":\"https:\/\/www.confagricoltura.org\/ferrara\/contatti\/#primaryimage\",\"url\":\"https:\/\/www.confagricoltura.org\/ferrara\/wp-content\/uploads\/sites\/19\/2021\/01\/pin.svg\",\"contentUrl\":\"https:\/\/www.confagricoltura.org\/ferrara\/wp-content\/uploads\/sites\/19\/2021\/01\/pin.svg\",\"width\":148,\"height\":216},{\"@type\":\"BreadcrumbList\",\"@id\":\"https:\/\/www.confagricoltura.org\/ferrara\/contatti\/#breadcrumb\",\"itemListElement\":[{\"@type\":\"ListItem\",\"position\":1,\"name\":\"Home\",\"item\":\"https:\/\/www.confagricoltura.org\/ferrara\/\"},{\"@type\":\"ListItem\",\"position\":2,\"name\":\"Contatti\"}]},{\"@type\":\"WebSite\",\"@id\":\"https:\/\/www.confagricoltura.org\/ferrara\/#website\",\"url\":\"https:\/\/www.confagricoltura.org\/ferrara\/\",\"name\":\"Confagricoltura Ferrara\",\"description\":\"Dalla parte degli Agricoltori\",\"potentialAction\":[{\"@type\":\"SearchAction\",\"target\":{\"@type\":\"EntryPoint\",\"urlTemplate\":\"https:\/\/www.confagricoltura.org\/ferrara\/?s={search_term_string}\"},\"query-input\":{\"@type\":\"PropertyValueSpecification\",\"valueRequired\":true,\"valueName\":\"search_term_string\"}}],\"inLanguage\":\"it-IT\"}]}<\/script>\n<!-- \/ Yoast SEO plugin. -->","yoast_head_json":{"title":"Contatti - Confagricoltura Ferrara","robots":{"index":"index","follow":"follow","max-snippet":"max-snippet:-1","max-image-preview":"max-image-preview:large","max-video-preview":"max-video-preview:-1"},"canonical":"https:\/\/www.confagricoltura.org\/ferrara\/contatti\/","og_locale":"it_IT","og_type":"article","og_title":"Contatti - Confagricoltura Ferrara","og_url":"https:\/\/www.confagricoltura.org\/ferrara\/contatti\/","og_site_name":"Confagricoltura Ferrara","article_modified_time":"2026-03-19T10:26:01+00:00","og_image":[{"url":"https:\/\/www.confagricoltura.org\/ferrara\/wp-content\/uploads\/sites\/19\/2021\/01\/pin.svg","type":"","width":"","height":""}],"twitter_card":"summary_large_image","twitter_misc":{"Tempo di lettura stimato":"6 minuti"},"schema":{"@context":"https:\/\/schema.org","@graph":[{"@type":"WebPage","@id":"https:\/\/www.confagricoltura.org\/ferrara\/contatti\/","url":"https:\/\/www.confagricoltura.org\/ferrara\/contatti\/","name":"Contatti - Confagricoltura Ferrara","isPartOf":{"@id":"https:\/\/www.confagricoltura.org\/ferrara\/#website"},"primaryImageOfPage":{"@id":"https:\/\/www.confagricoltura.org\/ferrara\/contatti\/#primaryimage"},"image":{"@id":"https:\/\/www.confagricoltura.org\/ferrara\/contatti\/#primaryimage"},"thumbnailUrl":"https:\/\/www.confagricoltura.org\/ferrara\/wp-content\/uploads\/sites\/19\/2021\/01\/pin.svg","datePublished":"2021-01-21T14:10:38+00:00","dateModified":"2026-03-19T10:26:01+00:00","breadcrumb":{"@id":"https:\/\/www.confagricoltura.org\/ferrara\/contatti\/#breadcrumb"},"inLanguage":"it-IT","potentialAction":[{"@type":"ReadAction","target":["https:\/\/www.confagricoltura.org\/ferrara\/contatti\/"]}]},{"@type":"ImageObject","inLanguage":"it-IT","@id":"https:\/\/www.confagricoltura.org\/ferrara\/contatti\/#primaryimage","url":"https:\/\/www.confagricoltura.org\/ferrara\/wp-content\/uploads\/sites\/19\/2021\/01\/pin.svg","contentUrl":"https:\/\/www.confagricoltura.org\/ferrara\/wp-content\/uploads\/sites\/19\/2021\/01\/pin.svg","width":148,"height":216},{"@type":"BreadcrumbList","@id":"https:\/\/www.confagricoltura.org\/ferrara\/contatti\/#breadcrumb","itemListElement":[{"@type":"ListItem","position":1,"name":"Home","item":"https:\/\/www.confagricoltura.org\/ferrara\/"},{"@type":"ListItem","position":2,"name":"Contatti"}]},{"@type":"WebSite","@id":"https:\/\/www.confagricoltura.org\/ferrara\/#website","url":"https:\/\/www.confagricoltura.org\/ferrara\/","name":"Confagricoltura Ferrara","description":"Dalla parte degli Agricoltori","potentialAction":[{"@type":"SearchAction","target":{"@type":"EntryPoint","urlTemplate":"https:\/\/www.confagricoltura.org\/ferrara\/?s={search_term_string}"},"query-input":{"@type":"PropertyValueSpecification","valueRequired":true,"valueName":"search_term_string"}}],"inLanguage":"it-IT"}]}},"_links":{"self":[{"href":"https:\/\/www.confagricoltura.org\/ferrara\/wp-json\/wp\/v2\/pages\/630","targetHints":{"allow":["GET"]}}],"collection":[{"href":"https:\/\/www.confagricoltura.org\/ferrara\/wp-json\/wp\/v2\/pages"}],"about":[{"href":"https:\/\/www.confagricoltura.org\/ferrara\/wp-json\/wp\/v2\/types\/page"}],"author":[{"embeddable":true,"href":"https:\/\/www.confagricoltura.org\/ferrara\/wp-json\/wp\/v2\/users\/1"}],"replies":[{"embeddable":true,"href":"https:\/\/www.confagricoltura.org\/ferrara\/wp-json\/wp\/v2\/comments?post=630"}],"version-history":[{"count":94,"href":"https:\/\/www.confagricoltura.org\/ferrara\/wp-json\/wp\/v2\/pages\/630\/revisions"}],"predecessor-version":[{"id":1859,"href":"https:\/\/www.confagricoltura.org\/ferrara\/wp-json\/wp\/v2\/pages\/630\/revisions\/1859"}],"wp:attachment":[{"href":"https:\/\/www.confagricoltura.org\/ferrara\/wp-json\/wp\/v2\/media?parent=630"}],"curies":[{"name":"wp","href":"https:\/\/api.w.org\/{rel}","templated":true}]}}