{"id":1119,"date":"2021-03-03T12:59:18","date_gmt":"2021-03-03T11:59:18","guid":{"rendered":"https:\/\/www.confagricoltura.org\/bologna\/?page_id=1119"},"modified":"2022-03-31T16:45:41","modified_gmt":"2022-03-31T14:45:41","slug":"forestazione","status":"publish","type":"page","link":"https:\/\/www.confagricoltura.org\/bologna\/politiche-sindacali\/forestazione\/","title":{"rendered":"Forestazione"},"content":{"rendered":"\n<div class=\"row\"  id=\"row-2071144551\">\n\n\n\t<div id=\"col-423684030\" class=\"col medium-3 small-12 large-3\"  >\n\t\t\t\t<div class=\"col-inner\"  >\n\t\t\t\n\t\t\t\n\n\n\t\t<\/div>\n\t\t\t\t\t<\/div>\n\n\t\n\n\t<div id=\"col-672282431\" class=\"col medium-9 small-12 large-9\"  >\n\t\t\t\t<div class=\"col-inner\"  >\n\t\t\t\n\t\t\t\n\n<div class=\"is-divider divider clearfix\" style=\"margin-top:0px;margin-bottom:0px;max-width:100%;height:1px;\"><\/div>\n\n\n\t\t<\/div>\n\t\t\t\t\t<\/div>\n\n\t\n\n<\/div>\n<div class=\"row generic-page\"  id=\"row-1527781006\">\n\n\n\t<div id=\"col-1319715182\" class=\"col medium-3 small-12 large-3\"  >\n\t\t\t\t<div class=\"col-inner\"  >\n\t\t\t\n\t\t\t\n\n<ul class=\"sidebar-wrapper ul-reset\"><div class=\"textwidget custom-html-widget\"><div class=\"sidebar first-el sidebar-transp\">\r\n<hr>\r\n<p><a href=\"https:\/\/www.confagricoltura.org\/bologna\/chi-siamo\/\" target=\"_self\">Confagricoltura Bologna<\/a><\/p>\r\n<hr>\r\n<p><a href=\"https:\/\/www.confagricoltura.org\/bologna\/dirigenti\/\" target=\"_self\">Dirigenza<\/a><\/p>\r\n<hr>\r\n<p><a href=\"https:\/\/www.confagricoltura.org\/bologna\/servizi\/\" target=\"_self\">Servizi<\/a><\/p>\r\n<hr>\r\n<p><a href=\"https:\/\/www.confagricoltura.org\/bologna\/attivita-sindacali\/\" target=\"_self\">Attivit\u00e0 sindacali<\/a><\/p>\r\n<hr>\r\n<p><a href=\"https:\/\/www.confagricoltura.org\/bologna\/organigramma\/\" target=\"_self\">Organigramma<\/a><\/p>\r\n<hr>\r\n<p><a href=\"https:\/\/www.confagricoltura.org\/bologna\/enti-collegati\/\" target=\"_self\">Enti collegati<\/a><\/p>\r\n<hr>\r\n<p><a href=\"https:\/\/www.confagricoltura.org\/bologna\/contatti\/\" target=\"_self\">Contatti<\/a><\/p>\r\n<hr>\r\n\t<p><a href=\"https:\/\/www.confagricoltura.org\/bologna\/link-di-interesse\/\" target=\"_self\">Link di interesse<\/a><\/p>\r\n<hr>\r\n<p><a href=\"https:\/\/www.confagricoltura.org\/bologna\/whistleblowing\/\" target=\"_self\">Whistleblowing<\/a><\/p>\r\n<hr>\r\n<\/div><\/div><div class=\"textwidget custom-html-widget\"><div class=\"sidebar sidebar-blu sidebar-nomenu\">\r\n<h5>Link<\/h5>\r\n<hr>\r\n<a href=\"https:\/\/www.confagricoltura.org\/bologna\/enti-associati\/caa-confagricoltura\/\" target=\"_self\"><p>CAA Confagricoltura Emilia Romagna<\/p><\/a>\r\n<hr>\r\n<a href=\"https:\/\/www.confagricoltura.org\/bologna\/enti-associati\/agriturist\/\" target=\"_self\"><p>Agriturist Bologna<\/p><\/a>\r\n<hr>\r\n<a href=\"https:\/\/www.confagricoltura.org\/bologna\/enti-associati\/anga\/\" target=\"_self\"><p>Anga Giovani Agricoltori<\/p><\/a>\r\n<hr>\r\n<a href=\"https:\/\/www.confagricoltura.org\/bologna\/enti-associati\/enapa\/\" target=\"_self\"><p>Patronato Enapa<\/p><\/a>\r\n<hr>\r\n<a href=\"https:\/\/www.confagricoltura.org\/bologna\/enti-associati\/confagricoltura-donna\/\" target=\"_self\"><p>Confagricoltura Donna<\/p><\/a>\r\n<\/div><\/div><div class=\"textwidget custom-html-widget\"><div class=\"sidebar sidebar-blu sidebar-nomenu\">\r\n<h5>Link di interesse<\/h5>\r\n<hr>\r\n<a href=\"http:\/\/www.terredibologna.it\/\" target=\"_blank\"><p>Terre di Bologna<\/p><\/a>\r\n<hr>\r\n<a href=\"http:\/\/www.agrifidi.it\/\" target=\"_blank\"><p>Agrifidi<\/p><\/a>\r\n<hr>\r\n<a href=\"http:\/\/www.bo.camcom.it\/\" target=\"_blank\"><p>Camera di Commercio di Bologna<\/p><\/a>\r\n<hr>\r\n<a href=\"http:\/\/www.enterisi.it\/\" target=\"_blank\"><p>Ente Nazionale Risi<\/p><\/a>\r\n<hr>\r\n<a href=\"http:\/\/www.anb.it\/\" target=\"_blank\"><p>ANB Associazione Nazionale Bieticoltori<\/p><\/a>\r\n<hr>\r\n<a href=\"http:\/\/www.coprob.com\/\" target=\"_blank\"><p>COPROB Zuccherificio cooperativo<\/p><\/a>\r\n<\/div><\/div><\/ul>\n\n\n\t\t<\/div>\n\t\t\t\t\t<\/div>\n\n\t\n\n\t<div id=\"col-423546464\" class=\"col medium-9 small-12 large-9\"  >\n\t\t\t\t<div class=\"col-inner\"  >\n\t\t\t\n\t\t\t\n\n<ul class=\"sidebar-wrapper ul-reset\"><div class=\"breadcrumbs\" itemscope itemtype=\"https:\/\/schema.org\/BreadcrumbList\"><span property=\"itemListElement\" typeof=\"ListItem\"><a property=\"item\" typeof=\"WebPage\" title=\"Vai a Confagricoltura Bologna.\" href=\"https:\/\/www.confagricoltura.org\/bologna\" class=\"home\" aria-current=\"page\"><span property=\"name\">Confagricoltura Bologna<\/span><\/a><meta property=\"position\" content=\"1\"><\/span><\/div><\/ul>\n\n<h1>Forestazione<\/h1>\n\t<div id=\"gap-1062310428\" class=\"gap-element clearfix\" style=\"display:block; height:auto;\">\n\t\t\n<style>\n#gap-1062310428 {\n  padding-top: 21px;\n}\n<\/style>\n\t<\/div>\n\t\n\n<h2>Il settore forestale e la valorizzazione dell\u2019alta collina e montagna sono tematiche di interesse strategico per lo sviluppo dell\u2019appennino Emiliano Romagnolo e sempre pi\u00f9 trasversali a diverse politiche che influenzeranno sempre pi\u00f9 la selvicoltura e le scelte sulla gestione delle risorse forestali ed agricole in modo particolare delle aree montane.<\/h2>\n\t<div id=\"gap-1008452432\" class=\"gap-element clearfix\" style=\"display:block; height:auto;\">\n\t\t\n<style>\n#gap-1008452432 {\n  padding-top: 44px;\n}\n<\/style>\n\t<\/div>\n\t\n\n<div class=\"row\"  id=\"row-1574540818\">\n\n\n\t<div id=\"col-146978976\" class=\"col medium-4 small-12 large-4\"  >\n\t\t\t\t<div class=\"col-inner\"  >\n\t\t\t\n\t\t\t\n\n\t<div class=\"img has-hover x md-x lg-x y md-y lg-y\" id=\"image_1531632438\">\n\t\t\t\t\t\t\t\t<div class=\"img-inner dark\" >\n\t\t\t<img loading=\"lazy\" decoding=\"async\" width=\"980\" height=\"551\" src=\"https:\/\/www.confagricoltura.org\/bologna\/wp-content\/uploads\/sites\/12\/2021\/03\/pexels-pixabay-67211-980x551.jpg\" class=\"attachment-large size-large\" alt=\"\" srcset=\"https:\/\/www.confagricoltura.org\/bologna\/wp-content\/uploads\/sites\/12\/2021\/03\/pexels-pixabay-67211-980x551.jpg 980w, https:\/\/www.confagricoltura.org\/bologna\/wp-content\/uploads\/sites\/12\/2021\/03\/pexels-pixabay-67211-768x432.jpg 768w, https:\/\/www.confagricoltura.org\/bologna\/wp-content\/uploads\/sites\/12\/2021\/03\/pexels-pixabay-67211-1536x863.jpg 1536w, https:\/\/www.confagricoltura.org\/bologna\/wp-content\/uploads\/sites\/12\/2021\/03\/pexels-pixabay-67211-2048x1151.jpg 2048w, https:\/\/www.confagricoltura.org\/bologna\/wp-content\/uploads\/sites\/12\/2021\/03\/pexels-pixabay-67211-100x56.jpg 100w\" sizes=\"auto, (max-width: 980px) 100vw, 980px\" \/>\t\t\t\t\t\t\n\t\t\t\t\t<\/div>\n\t\t\t\t\t\t\t\t\n<style>\n#image_1531632438 {\n  width: 100%;\n}\n<\/style>\n\t<\/div>\n\t\n\n\n\t\t<\/div>\n\t\t\t\t\t<\/div>\n\n\t\n\n\t<div id=\"col-1612713881\" class=\"col medium-8 small-12 large-8\"  >\n\t\t\t\t<div class=\"col-inner\"  >\n\t\t\t\n\t\t\t\n\n<p>In relazione inoltre agli stati generali delle politiche della montagna e alla centralit\u00e0 del ruolo dell\u2019imprenditore agricolo\/forestale quale sentinella del territorio <strong>il progetto Terre Alte<\/strong> propone gli obiettivi di seguito elencati:<\/p>\n\n\t\t<\/div>\n\t\t\t\t\t<\/div>\n\n\t\n\n<\/div>\n<ul>\n<li>Mettere al centro il settore agricolo quale primario e di conseguenza espressione di quello turistico ed ambientale<\/li>\n<li>Proposte di valorizzazione dei <strong>prodotti di montagna<\/strong> derivanti dalla implementazione della\u00a0 multifunzionalit\u00e0 delle aziende per integrare il reddito con attivit\u00e0 economiche\u00a0 agrosilvopastorali diversificate (selvicoltura, castanicoltura, zootecnia allo stato brado o semibrado , pioppicoltura e tartufaie)<\/li>\n<li>Valorizzare la <strong>filiera del legno<\/strong> e riscoprire la coltura del legno derivante dall\u2019appennino emiliano romagnolo (Filiera Forestale Regionale)\u00a0 (legna da ardere, legname da lavoro, legname da energia ecc, Pioppicoltura) con utilizzo di (infrastrutture) segherie mobili.<\/li>\n<li>Riportare <strong>l\u2019occupazione nelle aree marginali<\/strong> riscoprendo la figura dell\u2019operatore forestale qualificato tramite la promozione del registro delle imprese forestali e relativa\u00a0 formazione professionale (vedi Dinamica e catalogo Verde)<\/li>\n<li>Riscoprire in collaborazione con i Carabinieri forestali il ruolo dell\u2019imprenditore boschivo e dell\u2019agente forestale che accompagna l\u2019azienda nella gestione del territorio<\/li>\n<li>Creare\u00a0 e promuovere forme consortili di <strong>gestione agrosilvopastorali<\/strong> quali attori principali nei riguardi del PSR misure 8\u00a0 forestali e l\u2019importante ruolo della pianificazione<\/li>\n<li>Promuovere la <strong>gestione forestale sostenibile<\/strong> (PEFC\/FSC) quale marchio di garanzia\u00a0 e di markentig territoriale dei prodotti del bosco e del sottobosco (funghi, castagne, tartufi, frutti)<\/li>\n<li><strong>Castanicoltura<\/strong>: \u00e8 alla base\u00a0 della ns\u00a0 cultura montana, definire il suo ruolo se rientra nel settore agricolo o forestale, qualificare il settore con corsi innovativi per castanicoltori imprenditori, valorizzare il prodotto legno di castagno quale materiale da opera e proporre forme di associazioni di produttori nelle provincie ancora senza riferimenti (vedi modena), valorizzare marchio del marrone e della castagna di \u2026\u2026, e castanicoltura certificata con gestione sostenibile forestale o agricola<\/li>\n<li><strong>Viabilit\u00e0 forestale<\/strong>: attualmente\u00a0 in regione Emilia Romagna non c\u2019\u00e8 la cultura di mantenere la viabilit\u00e0 forestale ma invece una buona gestione va nella direzione della fruizione turistica, idrogeologica, prevenzione incendi e di sicurezza pubblica del ns territorio\u2026. Il turista consapevole anche slow sa che per vedere, scoprire ecc ha necessit\u00e0 di poter arrivare comodamente alla destinazione (vedi Trentino Alto Adige) Ad oggi la regione Emilia Romagna all\u2019interno del PSR 2014-2020 non ha assolutamente preso in considerazione la viabilit\u00e0 forestale che spesso \u00e8 anche impedita dagli enti competenti , non realizzando che invece \u00e8 il motore dell\u2019economia e della pianificazione forestale<\/li>\n<li>Promozione della <strong>Tartuficoltura<\/strong> controllata e coltivata quale strumento di diversificazione di reddito per l\u2019imprenditore.<\/li>\n<li>Implementazione dell\u2019utilizzo delle aree ad altitudini pi\u00f9 elevate per esperienze quali alpeggio \u2013 transumanza\u00a0 vedi esempio zone del parmense o reggiano e di conseguenza con prodotto di montagna ITINERANTE e relativo marchio<\/li>\n<li>Organizzazione di fiere di agricoltura di montagna<\/li>\n<\/ul>\n<p><span class=\"link-with-arrow\"><a href=\"https:\/\/www.confagricoltura.org\/bologna\/wp-content\/uploads\/sites\/12\/2022\/03\/Slides-Seminario-Monzuno-26-03-2022.pdf\">Slides Seminario Monzuno 26.03.2022 (PDF, 875 Kb )<\/a><\/span><\/p>\n\n<div class=\"social-icons share-icons share-row relative full-width text-right icon-style-outline\" style=\"font-size:101%\"><a href=\"whatsapp:\/\/send?text=Forestazione - https:\/\/www.confagricoltura.org\/bologna\/politiche-sindacali\/forestazione\/\" data-action=\"share\/whatsapp\/share\" class=\"icon button circle is-outline tooltip whatsapp show-for-medium\" title=\"Condividi su WhatsApp\" aria-label=\"Condividi su WhatsApp\" ><i class=\"icon-whatsapp\" ><\/i><\/a><a href=\"https:\/\/www.facebook.com\/sharer.php?u=https:\/\/www.confagricoltura.org\/bologna\/politiche-sindacali\/forestazione\/\" data-label=\"Facebook\" onclick=\"window.open(this.href,this.title,'width=500,height=500,top=300px,left=300px'); return false;\" target=\"_blank\" class=\"icon button circle is-outline tooltip facebook\" title=\"Condividi su Facebook\" aria-label=\"Condividi su Facebook\" rel=\"noopener nofollow\" ><i class=\"icon-facebook\" ><\/i><\/a><a href=\"https:\/\/twitter.com\/share?url=https:\/\/www.confagricoltura.org\/bologna\/politiche-sindacali\/forestazione\/\" onclick=\"window.open(this.href,this.title,'width=500,height=500,top=300px,left=300px'); return false;\" target=\"_blank\" class=\"icon button circle is-outline tooltip twitter\" title=\"Condividi su Twitter\" aria-label=\"Condividi su Twitter\" rel=\"noopener nofollow\" ><i class=\"icon-twitter\" ><\/i><\/a><a href=\"mailto:?subject=Forestazione&body=Dai%20un%26%23039%3Bocchiata%3A%20https%3A%2F%2Fwww.confagricoltura.org%2Fbologna%2Fpolitiche-sindacali%2Fforestazione%2F\" class=\"icon button circle is-outline tooltip email\" title=\"Invia per email ad un Amico\" aria-label=\"Invia per email ad un Amico\" rel=\"nofollow\" ><i class=\"icon-envelop\" ><\/i><\/a><a href=\"https:\/\/www.linkedin.com\/shareArticle?mini=true&url=https:\/\/www.confagricoltura.org\/bologna\/politiche-sindacali\/forestazione\/&title=Forestazione\" onclick=\"window.open(this.href,this.title,'width=500,height=500,top=300px,left=300px'); return false;\" target=\"_blank\" class=\"icon button circle is-outline tooltip linkedin\" title=\"Condividi su LinkedIn\" aria-label=\"Condividi su LinkedIn\" rel=\"noopener nofollow\" ><i class=\"icon-linkedin\" ><\/i><\/a><\/div>\n\n\n\t\t<\/div>\n\t\t\t\t\t<\/div>\n\n\t\n\n<\/div>\n<div class=\"row row-collapse last-update-page\"  id=\"row-1754574970\">\n\n\n\t<div id=\"col-1223637989\" class=\"col small-12 large-12\"  >\n\t\t\t\t<div class=\"col-inner\"  >\n\t\t\t\n\t\t\t\n\n<hr>\n<p style=\"text-align: center\"><span data-text-color=\"primary\">Ultima modifica: 31 Marzo 2022<\/span><\/p>\n\n\t\t<\/div>\n\t\t\t\t\t<\/div>\n\n\t\n\n<\/div>\n\n","protected":false},"excerpt":{"rendered":"","protected":false},"author":1,"featured_media":0,"parent":1113,"menu_order":0,"comment_status":"closed","ping_status":"closed","template":"","meta":{"wp_mapbox_gl_js_media":[],"footnotes":""},"class_list":["post-1119","page","type-page","status-publish","hentry"],"yoast_head":"<!-- This site is optimized with the Yoast SEO plugin v26.8 - https:\/\/yoast.com\/product\/yoast-seo-wordpress\/ -->\n<title>Forestazione - Confagricoltura Bologna<\/title>\n<meta name=\"robots\" content=\"index, follow, max-snippet:-1, max-image-preview:large, max-video-preview:-1\" \/>\n<link rel=\"canonical\" href=\"https:\/\/www.confagricoltura.org\/bologna\/politiche-sindacali\/forestazione\/\" \/>\n<meta property=\"og:locale\" content=\"it_IT\" \/>\n<meta property=\"og:type\" content=\"article\" \/>\n<meta property=\"og:title\" content=\"Forestazione - Confagricoltura Bologna\" \/>\n<meta property=\"og:url\" content=\"https:\/\/www.confagricoltura.org\/bologna\/politiche-sindacali\/forestazione\/\" \/>\n<meta property=\"og:site_name\" content=\"Confagricoltura Bologna\" \/>\n<meta property=\"article:modified_time\" content=\"2022-03-31T14:45:41+00:00\" \/>\n<meta name=\"twitter:card\" content=\"summary_large_image\" \/>\n<meta name=\"twitter:label1\" content=\"Tempo di lettura stimato\" \/>\n\t<meta name=\"twitter:data1\" content=\"3 minuti\" \/>\n<script type=\"application\/ld+json\" class=\"yoast-schema-graph\">{\"@context\":\"https:\/\/schema.org\",\"@graph\":[{\"@type\":\"WebPage\",\"@id\":\"https:\/\/www.confagricoltura.org\/bologna\/politiche-sindacali\/forestazione\/\",\"url\":\"https:\/\/www.confagricoltura.org\/bologna\/politiche-sindacali\/forestazione\/\",\"name\":\"Forestazione - Confagricoltura Bologna\",\"isPartOf\":{\"@id\":\"https:\/\/www.confagricoltura.org\/bologna\/#website\"},\"datePublished\":\"2021-03-03T11:59:18+00:00\",\"dateModified\":\"2022-03-31T14:45:41+00:00\",\"breadcrumb\":{\"@id\":\"https:\/\/www.confagricoltura.org\/bologna\/politiche-sindacali\/forestazione\/#breadcrumb\"},\"inLanguage\":\"it-IT\",\"potentialAction\":[{\"@type\":\"ReadAction\",\"target\":[\"https:\/\/www.confagricoltura.org\/bologna\/politiche-sindacali\/forestazione\/\"]}]},{\"@type\":\"BreadcrumbList\",\"@id\":\"https:\/\/www.confagricoltura.org\/bologna\/politiche-sindacali\/forestazione\/#breadcrumb\",\"itemListElement\":[{\"@type\":\"ListItem\",\"position\":1,\"name\":\"Home\",\"item\":\"https:\/\/www.confagricoltura.org\/bologna\/\"},{\"@type\":\"ListItem\",\"position\":2,\"name\":\"Politiche sindacali\",\"item\":\"https:\/\/www.confagricoltura.org\/bologna\/politiche-sindacali\/\"},{\"@type\":\"ListItem\",\"position\":3,\"name\":\"Forestazione\"}]},{\"@type\":\"WebSite\",\"@id\":\"https:\/\/www.confagricoltura.org\/bologna\/#website\",\"url\":\"https:\/\/www.confagricoltura.org\/bologna\/\",\"name\":\"Confagricoltura Bologna\",\"description\":\"Dalla parte degli Agricoltori\",\"potentialAction\":[{\"@type\":\"SearchAction\",\"target\":{\"@type\":\"EntryPoint\",\"urlTemplate\":\"https:\/\/www.confagricoltura.org\/bologna\/?s={search_term_string}\"},\"query-input\":{\"@type\":\"PropertyValueSpecification\",\"valueRequired\":true,\"valueName\":\"search_term_string\"}}],\"inLanguage\":\"it-IT\"}]}<\/script>\n<!-- \/ Yoast SEO plugin. -->","yoast_head_json":{"title":"Forestazione - Confagricoltura Bologna","robots":{"index":"index","follow":"follow","max-snippet":"max-snippet:-1","max-image-preview":"max-image-preview:large","max-video-preview":"max-video-preview:-1"},"canonical":"https:\/\/www.confagricoltura.org\/bologna\/politiche-sindacali\/forestazione\/","og_locale":"it_IT","og_type":"article","og_title":"Forestazione - Confagricoltura Bologna","og_url":"https:\/\/www.confagricoltura.org\/bologna\/politiche-sindacali\/forestazione\/","og_site_name":"Confagricoltura Bologna","article_modified_time":"2022-03-31T14:45:41+00:00","twitter_card":"summary_large_image","twitter_misc":{"Tempo di lettura stimato":"3 minuti"},"schema":{"@context":"https:\/\/schema.org","@graph":[{"@type":"WebPage","@id":"https:\/\/www.confagricoltura.org\/bologna\/politiche-sindacali\/forestazione\/","url":"https:\/\/www.confagricoltura.org\/bologna\/politiche-sindacali\/forestazione\/","name":"Forestazione - Confagricoltura Bologna","isPartOf":{"@id":"https:\/\/www.confagricoltura.org\/bologna\/#website"},"datePublished":"2021-03-03T11:59:18+00:00","dateModified":"2022-03-31T14:45:41+00:00","breadcrumb":{"@id":"https:\/\/www.confagricoltura.org\/bologna\/politiche-sindacali\/forestazione\/#breadcrumb"},"inLanguage":"it-IT","potentialAction":[{"@type":"ReadAction","target":["https:\/\/www.confagricoltura.org\/bologna\/politiche-sindacali\/forestazione\/"]}]},{"@type":"BreadcrumbList","@id":"https:\/\/www.confagricoltura.org\/bologna\/politiche-sindacali\/forestazione\/#breadcrumb","itemListElement":[{"@type":"ListItem","position":1,"name":"Home","item":"https:\/\/www.confagricoltura.org\/bologna\/"},{"@type":"ListItem","position":2,"name":"Politiche sindacali","item":"https:\/\/www.confagricoltura.org\/bologna\/politiche-sindacali\/"},{"@type":"ListItem","position":3,"name":"Forestazione"}]},{"@type":"WebSite","@id":"https:\/\/www.confagricoltura.org\/bologna\/#website","url":"https:\/\/www.confagricoltura.org\/bologna\/","name":"Confagricoltura Bologna","description":"Dalla parte degli Agricoltori","potentialAction":[{"@type":"SearchAction","target":{"@type":"EntryPoint","urlTemplate":"https:\/\/www.confagricoltura.org\/bologna\/?s={search_term_string}"},"query-input":{"@type":"PropertyValueSpecification","valueRequired":true,"valueName":"search_term_string"}}],"inLanguage":"it-IT"}]}},"_links":{"self":[{"href":"https:\/\/www.confagricoltura.org\/bologna\/wp-json\/wp\/v2\/pages\/1119","targetHints":{"allow":["GET"]}}],"collection":[{"href":"https:\/\/www.confagricoltura.org\/bologna\/wp-json\/wp\/v2\/pages"}],"about":[{"href":"https:\/\/www.confagricoltura.org\/bologna\/wp-json\/wp\/v2\/types\/page"}],"author":[{"embeddable":true,"href":"https:\/\/www.confagricoltura.org\/bologna\/wp-json\/wp\/v2\/users\/1"}],"replies":[{"embeddable":true,"href":"https:\/\/www.confagricoltura.org\/bologna\/wp-json\/wp\/v2\/comments?post=1119"}],"version-history":[{"count":13,"href":"https:\/\/www.confagricoltura.org\/bologna\/wp-json\/wp\/v2\/pages\/1119\/revisions"}],"predecessor-version":[{"id":6103,"href":"https:\/\/www.confagricoltura.org\/bologna\/wp-json\/wp\/v2\/pages\/1119\/revisions\/6103"}],"up":[{"embeddable":true,"href":"https:\/\/www.confagricoltura.org\/bologna\/wp-json\/wp\/v2\/pages\/1113"}],"wp:attachment":[{"href":"https:\/\/www.confagricoltura.org\/bologna\/wp-json\/wp\/v2\/media?parent=1119"}],"curies":[{"name":"wp","href":"https:\/\/api.w.org\/{rel}","templated":true}]}}